{"id":1583,"date":"2024-10-29T08:28:55","date_gmt":"2024-10-29T07:28:55","guid":{"rendered":"https:\/\/campingeucaliptus.com\/turisme\/rutes-a-kayak-per-la-badia-dels-alfaques\/"},"modified":"2024-12-18T19:06:28","modified_gmt":"2024-12-18T18:06:28","slug":"rutes-a-kayak-per-la-badia-dels-alfaques","status":"publish","type":"page","link":"https:\/\/campingeucaliptus.com\/ca\/turisme\/rutes-a-kayak-per-la-badia-dels-alfaques\/","title":{"rendered":"Rutes a Kayak per la Badia dels Alfaques"},"content":{"rendered":"\t\t<div data-elementor-type=\"wp-page\" data-elementor-id=\"1583\" class=\"elementor elementor-1583 elementor-309\" data-elementor-post-type=\"page\">\n\t\t\t\t<div class=\"elementor-element elementor-element-8409a91 e-flex e-con-boxed e-con e-parent\" data-id=\"8409a91\" data-element_type=\"container\" data-e-type=\"container\" data-settings=\"{&quot;background_background&quot;:&quot;classic&quot;,&quot;shape_divider_bottom&quot;:&quot;curve&quot;}\">\n\t\t\t\t\t<div class=\"e-con-inner\">\n\t\t\t\t<div class=\"elementor-shape elementor-shape-bottom\" aria-hidden=\"true\" data-negative=\"false\">\n\t\t\t<svg xmlns=\"http:\/\/www.w3.org\/2000\/svg\" viewBox=\"0 0 1000 100\" preserveAspectRatio=\"none\">\n    <path class=\"elementor-shape-fill\" d=\"M1000,4.3V0H0v4.3C0.9,23.1,126.7,99.2,500,100S1000,22.7,1000,4.3z\"\/>\n<\/svg>\t\t<\/div>\n\t\t<div class=\"elementor-element elementor-element-099e063 e-con-full e-flex e-con e-child\" data-id=\"099e063\" data-element_type=\"container\" data-e-type=\"container\">\n\t\t\t\t<\/div>\n\t\t<div class=\"elementor-element elementor-element-45f5939 e-con-full elementor-hidden-mobile e-flex e-con e-child\" data-id=\"45f5939\" data-element_type=\"container\" data-e-type=\"container\">\n\t\t\t\t<\/div>\n\t\t\t\t\t<\/div>\n\t\t\t\t<\/div>\n\t\t<div class=\"elementor-element elementor-element-0d2a5a5 e-flex e-con-boxed e-con e-parent\" data-id=\"0d2a5a5\" data-element_type=\"container\" data-e-type=\"container\">\n\t\t\t\t\t<div class=\"e-con-inner\">\n\t\t\t\t<div class=\"elementor-element elementor-element-1d0384e elementor-widget-divider--view-line_text elementor-hidden-mobile elementor-widget-divider--separator-type-pattern elementor-widget-divider--element-align-center elementor-widget elementor-widget-divider\" data-id=\"1d0384e\" data-element_type=\"widget\" data-e-type=\"widget\" data-widget_type=\"divider.default\">\n\t\t\t\t<div class=\"elementor-widget-container\">\n\t\t\t\t\t\t\t<div class=\"elementor-divider\" style=\"--divider-pattern-url: url(&quot;data:image\/svg+xml,%3Csvg xmlns=&#039;http:\/\/www.w3.org\/2000\/svg&#039; preserveAspectRatio=&#039;none&#039; overflow=&#039;visible&#039; height=&#039;100%&#039; viewBox=&#039;0 0 20 16&#039; fill=&#039;none&#039; stroke=&#039;black&#039; stroke-width=&#039;1&#039; stroke-linecap=&#039;square&#039; stroke-miterlimit=&#039;10&#039;%3E%3Cg transform=&#039;translate(-12.000000, 0)&#039;%3E%3Cpath d=&#039;M28,0L10,18&#039;\/%3E%3Cpath d=&#039;M18,0L0,18&#039;\/%3E%3Cpath d=&#039;M48,0L30,18&#039;\/%3E%3Cpath d=&#039;M38,0L20,18&#039;\/%3E%3C\/g%3E%3C\/svg%3E&quot;);\">\n\t\t\t<span class=\"elementor-divider-separator\">\n\t\t\t\t\t\t\t<span class=\"elementor-divider__text elementor-divider__element\">\n\t\t\t\tTURISME AL DELTA DE L' EBRE\t\t\t\t<\/span>\n\t\t\t\t\t\t<\/span>\n\t\t<\/div>\n\t\t\t\t\t\t<\/div>\n\t\t\t\t<\/div>\n\t\t\t\t<div class=\"elementor-element elementor-element-2af2e47 elementor-widget elementor-widget-heading\" data-id=\"2af2e47\" data-element_type=\"widget\" data-e-type=\"widget\" data-widget_type=\"heading.default\">\n\t\t\t\t<div class=\"elementor-widget-container\">\n\t\t\t\t\t<h1 class=\"elementor-heading-title elementor-size-default\"><b>Rutes a Kayak<\/b> per la <b>Badia dels Alfaques<\/b><\/h1>\t\t\t\t<\/div>\n\t\t\t\t<\/div>\n\t\t\t\t<div class=\"elementor-element elementor-element-60e23b6 elementor-widget elementor-widget-heading\" data-id=\"60e23b6\" data-element_type=\"widget\" data-e-type=\"widget\" data-widget_type=\"heading.default\">\n\t\t\t\t<div class=\"elementor-widget-container\">\n\t\t\t\t\t<h2 class=\"elementor-heading-title elementor-size-default\">Descobreix la Badia dels Alfacs a Kayak: Aventura al teu Abast des del C\u00e0mping Eucaliptus<\/h2>\t\t\t\t<\/div>\n\t\t\t\t<\/div>\n\t\t\t\t<div class=\"elementor-element elementor-element-de8d078 elementor-widget elementor-widget-image\" data-id=\"de8d078\" data-element_type=\"widget\" data-e-type=\"widget\" data-widget_type=\"image.default\">\n\t\t\t\t<div class=\"elementor-widget-container\">\n\t\t\t\t\t\t\t\t\t\t\t\t\t\t\t<img fetchpriority=\"high\" decoding=\"async\" width=\"800\" height=\"550\" src=\"https:\/\/campingeucaliptus.com\/wp-content\/uploads\/2024\/11\/Bahia-de-los-Alfaques-4-min.jpg\" class=\"attachment-large size-large wp-image-1347\" alt=\"Camping Eucaliptus en el Delta del Ebro\" srcset=\"https:\/\/campingeucaliptus.com\/wp-content\/uploads\/2024\/11\/Bahia-de-los-Alfaques-4-min.jpg 800w, https:\/\/campingeucaliptus.com\/wp-content\/uploads\/2024\/11\/Bahia-de-los-Alfaques-4-min-300x206.jpg 300w, https:\/\/campingeucaliptus.com\/wp-content\/uploads\/2024\/11\/Bahia-de-los-Alfaques-4-min-768x528.jpg 768w\" sizes=\"(max-width: 800px) 100vw, 800px\">\t\t\t\t\t\t\t\t\t\t\t\t\t\t\t<\/div>\n\t\t\t\t<\/div>\n\t\t\t\t<div class=\"elementor-element elementor-element-d5a077c elementor-widget elementor-widget-text-editor\" data-id=\"d5a077c\" data-element_type=\"widget\" data-e-type=\"widget\" data-widget_type=\"text-editor.default\">\n\t\t\t\t<div class=\"elementor-widget-container\">\n\t\t\t\t\t\t\t\t\t<p>Ubicada a nom\u00e9s <strong>20 minuts en cotxe del C\u00e0mping Eucaliptus<\/strong>, la Badia dels Alfaques \u00e9s el dest\u00ed perfecte per a una aventura en kayak. Des del c\u00e0mping, pren la carretera TV-3401 i continua per l&#8217;AP-7 fins a Sant Carles de la R\u00e0pita, on podr\u00e0s llogar un kayak o reservar una excursi\u00f3 guiada per explorar la badia. <\/p>\n\t\t\t\t\t\t\t\t<\/div>\n\t\t\t\t<\/div>\n\t\t\t\t<div class=\"elementor-element elementor-element-3f46be4 elementor-widget-divider--view-line elementor-widget elementor-widget-divider\" data-id=\"3f46be4\" data-element_type=\"widget\" data-e-type=\"widget\" data-widget_type=\"divider.default\">\n\t\t\t\t<div class=\"elementor-widget-container\">\n\t\t\t\t\t\t\t<div class=\"elementor-divider\">\n\t\t\t<span class=\"elementor-divider-separator\">\n\t\t\t\t\t\t<\/span>\n\t\t<\/div>\n\t\t\t\t\t\t<\/div>\n\t\t\t\t<\/div>\n\t\t<div class=\"elementor-element elementor-element-d3ddea1 e-con-full e-flex e-con e-child\" data-id=\"d3ddea1\" data-element_type=\"container\" data-e-type=\"container\">\n\t\t<div class=\"elementor-element elementor-element-cbc4c4b e-con-full e-flex e-con e-child\" data-id=\"cbc4c4b\" data-element_type=\"container\" data-e-type=\"container\">\n\t\t\t\t<div class=\"elementor-element elementor-element-d785743 elementor-widget elementor-widget-heading\" data-id=\"d785743\" data-element_type=\"widget\" data-e-type=\"widget\" data-widget_type=\"heading.default\">\n\t\t\t\t<div class=\"elementor-widget-container\">\n\t\t\t\t\t<h2 class=\"elementor-heading-title elementor-size-default\">Qu\u00e8 Fer i Qu\u00e8 Veure a la Badia dels Alfacs<\/h2>\t\t\t\t<\/div>\n\t\t\t\t<\/div>\n\t\t\t\t<div class=\"elementor-element elementor-element-ef1b3d3 elementor-widget-divider--separator-type-pattern elementor-widget-divider--view-line elementor-widget elementor-widget-divider\" data-id=\"ef1b3d3\" data-element_type=\"widget\" data-e-type=\"widget\" data-widget_type=\"divider.default\">\n\t\t\t\t<div class=\"elementor-widget-container\">\n\t\t\t\t\t\t\t<div class=\"elementor-divider\" style=\"--divider-pattern-url: url(&quot;data:image\/svg+xml,%3Csvg xmlns=&#039;http:\/\/www.w3.org\/2000\/svg&#039; preserveAspectRatio=&#039;none&#039; overflow=&#039;visible&#039; height=&#039;100%&#039; viewBox=&#039;0 0 20 16&#039; fill=&#039;none&#039; stroke=&#039;black&#039; stroke-width=&#039;1&#039; stroke-linecap=&#039;square&#039; stroke-miterlimit=&#039;10&#039;%3E%3Cg transform=&#039;translate(-12.000000, 0)&#039;%3E%3Cpath d=&#039;M28,0L10,18&#039;\/%3E%3Cpath d=&#039;M18,0L0,18&#039;\/%3E%3Cpath d=&#039;M48,0L30,18&#039;\/%3E%3Cpath d=&#039;M38,0L20,18&#039;\/%3E%3C\/g%3E%3C\/svg%3E&quot;);\">\n\t\t\t<span class=\"elementor-divider-separator\">\n\t\t\t\t\t\t<\/span>\n\t\t<\/div>\n\t\t\t\t\t\t<\/div>\n\t\t\t\t<\/div>\n\t\t\t\t<div class=\"elementor-element elementor-element-d4e2bf0 elementor-widget elementor-widget-text-editor\" data-id=\"d4e2bf0\" data-element_type=\"widget\" data-e-type=\"widget\" data-widget_type=\"text-editor.default\">\n\t\t\t\t<div class=\"elementor-widget-container\">\n\t\t\t\t\t\t\t\t\t<p>Aquest recorregut en kayak \u00e9s ideal per submergir-se en la rica biodiversitat del Delta de l&#8217;Ebre. A mesura que navegues per les tranquil\u00b7les aig\u00fces de la badia, tindr\u00e0s l&#8217;oportunitat d&#8217;avisar aus aqu\u00e0tiques com flamencs i goles, a m\u00e9s de gaudir de la vista panor\u00e0mica dels arrossars i de l&#8217;imponent Montsi\u00e0 al fons. <\/p>\n\t\t\t\t\t\t\t\t<\/div>\n\t\t\t\t<\/div>\n\t\t\t\t<\/div>\n\t\t<div class=\"elementor-element elementor-element-af36c17 e-con-full e-flex e-con e-child\" data-id=\"af36c17\" data-element_type=\"container\" data-e-type=\"container\">\n\t\t\t\t<div class=\"elementor-element elementor-element-1040213 elementor-widget elementor-widget-image\" data-id=\"1040213\" data-element_type=\"widget\" data-e-type=\"widget\" data-widget_type=\"image.default\">\n\t\t\t\t<div class=\"elementor-widget-container\">\n\t\t\t\t\t\t\t\t\t\t\t\t\t\t\t<img decoding=\"async\" width=\"800\" height=\"550\" src=\"https:\/\/campingeucaliptus.com\/wp-content\/uploads\/2024\/11\/Bahia-de-los-Alfaques-1-min.jpg\" class=\"attachment-large size-large wp-image-1344\" alt=\"Camping Eucaliptus en el Delta del Ebro\" srcset=\"https:\/\/campingeucaliptus.com\/wp-content\/uploads\/2024\/11\/Bahia-de-los-Alfaques-1-min.jpg 800w, https:\/\/campingeucaliptus.com\/wp-content\/uploads\/2024\/11\/Bahia-de-los-Alfaques-1-min-300x206.jpg 300w, https:\/\/campingeucaliptus.com\/wp-content\/uploads\/2024\/11\/Bahia-de-los-Alfaques-1-min-768x528.jpg 768w\" sizes=\"(max-width: 800px) 100vw, 800px\">\t\t\t\t\t\t\t\t\t\t\t\t\t\t\t<\/div>\n\t\t\t\t<\/div>\n\t\t\t\t<\/div>\n\t\t\t\t<\/div>\n\t\t<div class=\"elementor-element elementor-element-1ae0457 e-con-full e-flex e-con e-child\" data-id=\"1ae0457\" data-element_type=\"container\" data-e-type=\"container\">\n\t\t<div class=\"elementor-element elementor-element-d5cae05 e-con-full e-flex e-con e-child\" data-id=\"d5cae05\" data-element_type=\"container\" data-e-type=\"container\">\n\t\t\t\t<div class=\"elementor-element elementor-element-993b331 elementor-widget elementor-widget-image\" data-id=\"993b331\" data-element_type=\"widget\" data-e-type=\"widget\" data-widget_type=\"image.default\">\n\t\t\t\t<div class=\"elementor-widget-container\">\n\t\t\t\t\t\t\t\t\t\t\t\t\t\t\t<img decoding=\"async\" width=\"800\" height=\"550\" src=\"https:\/\/campingeucaliptus.com\/wp-content\/uploads\/2024\/11\/Bahia-de-los-Alfaques-2-min.jpg\" class=\"attachment-large size-large wp-image-1341\" alt=\"Camping Eucaliptus en el Delta del Ebro\" srcset=\"https:\/\/campingeucaliptus.com\/wp-content\/uploads\/2024\/11\/Bahia-de-los-Alfaques-2-min.jpg 800w, https:\/\/campingeucaliptus.com\/wp-content\/uploads\/2024\/11\/Bahia-de-los-Alfaques-2-min-300x206.jpg 300w, https:\/\/campingeucaliptus.com\/wp-content\/uploads\/2024\/11\/Bahia-de-los-Alfaques-2-min-768x528.jpg 768w\" sizes=\"(max-width: 800px) 100vw, 800px\">\t\t\t\t\t\t\t\t\t\t\t\t\t\t\t<\/div>\n\t\t\t\t<\/div>\n\t\t\t\t<\/div>\n\t\t<div class=\"elementor-element elementor-element-e5689b1 e-con-full e-flex e-con e-child\" data-id=\"e5689b1\" data-element_type=\"container\" data-e-type=\"container\">\n\t\t\t\t<div class=\"elementor-element elementor-element-c389967 elementor-widget elementor-widget-heading\" data-id=\"c389967\" data-element_type=\"widget\" data-e-type=\"widget\" data-widget_type=\"heading.default\">\n\t\t\t\t<div class=\"elementor-widget-container\">\n\t\t\t\t\t<h2 class=\"elementor-heading-title elementor-size-default\">Recomanacions per a una Experi\u00e8ncia Inoblidable<\/h2>\t\t\t\t<\/div>\n\t\t\t\t<\/div>\n\t\t\t\t<div class=\"elementor-element elementor-element-3b12973 elementor-widget-divider--separator-type-pattern elementor-widget-divider--view-line elementor-widget elementor-widget-divider\" data-id=\"3b12973\" data-element_type=\"widget\" data-e-type=\"widget\" data-widget_type=\"divider.default\">\n\t\t\t\t<div class=\"elementor-widget-container\">\n\t\t\t\t\t\t\t<div class=\"elementor-divider\" style=\"--divider-pattern-url: url(&quot;data:image\/svg+xml,%3Csvg xmlns=&#039;http:\/\/www.w3.org\/2000\/svg&#039; preserveAspectRatio=&#039;none&#039; overflow=&#039;visible&#039; height=&#039;100%&#039; viewBox=&#039;0 0 20 16&#039; fill=&#039;none&#039; stroke=&#039;black&#039; stroke-width=&#039;1&#039; stroke-linecap=&#039;square&#039; stroke-miterlimit=&#039;10&#039;%3E%3Cg transform=&#039;translate(-12.000000, 0)&#039;%3E%3Cpath d=&#039;M28,0L10,18&#039;\/%3E%3Cpath d=&#039;M18,0L0,18&#039;\/%3E%3Cpath d=&#039;M48,0L30,18&#039;\/%3E%3Cpath d=&#039;M38,0L20,18&#039;\/%3E%3C\/g%3E%3C\/svg%3E&quot;);\">\n\t\t\t<span class=\"elementor-divider-separator\">\n\t\t\t\t\t\t<\/span>\n\t\t<\/div>\n\t\t\t\t\t\t<\/div>\n\t\t\t\t<\/div>\n\t\t\t\t<div class=\"elementor-element elementor-element-c497c7f elementor-widget elementor-widget-text-editor\" data-id=\"c497c7f\" data-element_type=\"widget\" data-e-type=\"widget\" data-widget_type=\"text-editor.default\">\n\t\t\t\t<div class=\"elementor-widget-container\">\n\t\t\t\t\t\t\t\t\t<p>Per als principiants, es recomana comen\u00e7ar amb una excursi\u00f3 guiada que expliqui la fauna i flora local. Porta contigo aigua, protecci\u00f3 solar i roba lleugera impermeable, ja que \u00e9s una activitat de baixa dificultat per\u00f2 que pot durar diverses hores. L&#8217;equip sol incloure rems, armilles salvavides i un breu entrenament de seguretat.  <\/p>\n\t\t\t\t\t\t\t\t<\/div>\n\t\t\t\t<\/div>\n\t\t\t\t<\/div>\n\t\t\t\t<\/div>\n\t\t<div class=\"elementor-element elementor-element-6d2586f e-con-full e-flex e-con e-child\" data-id=\"6d2586f\" data-element_type=\"container\" data-e-type=\"container\">\n\t\t<div class=\"elementor-element elementor-element-e55bba2 e-con-full e-flex e-con e-child\" data-id=\"e55bba2\" data-element_type=\"container\" data-e-type=\"container\">\n\t\t\t\t<div class=\"elementor-element elementor-element-76efbdf elementor-widget elementor-widget-heading\" data-id=\"76efbdf\" data-element_type=\"widget\" data-e-type=\"widget\" data-widget_type=\"heading.default\">\n\t\t\t\t<div class=\"elementor-widget-container\">\n\t\t\t\t\t<h2 class=\"elementor-heading-title elementor-size-default\">Amb qui anar i Quan \u00e9s Millor Visitar<\/h2>\t\t\t\t<\/div>\n\t\t\t\t<\/div>\n\t\t\t\t<div class=\"elementor-element elementor-element-11118f0 elementor-widget-divider--separator-type-pattern elementor-widget-divider--view-line elementor-widget elementor-widget-divider\" data-id=\"11118f0\" data-element_type=\"widget\" data-e-type=\"widget\" data-widget_type=\"divider.default\">\n\t\t\t\t<div class=\"elementor-widget-container\">\n\t\t\t\t\t\t\t<div class=\"elementor-divider\" style=\"--divider-pattern-url: url(&quot;data:image\/svg+xml,%3Csvg xmlns=&#039;http:\/\/www.w3.org\/2000\/svg&#039; preserveAspectRatio=&#039;none&#039; overflow=&#039;visible&#039; height=&#039;100%&#039; viewBox=&#039;0 0 20 16&#039; fill=&#039;none&#039; stroke=&#039;black&#039; stroke-width=&#039;1&#039; stroke-linecap=&#039;square&#039; stroke-miterlimit=&#039;10&#039;%3E%3Cg transform=&#039;translate(-12.000000, 0)&#039;%3E%3Cpath d=&#039;M28,0L10,18&#039;\/%3E%3Cpath d=&#039;M18,0L0,18&#039;\/%3E%3Cpath d=&#039;M48,0L30,18&#039;\/%3E%3Cpath d=&#039;M38,0L20,18&#039;\/%3E%3C\/g%3E%3C\/svg%3E&quot;);\">\n\t\t\t<span class=\"elementor-divider-separator\">\n\t\t\t\t\t\t<\/span>\n\t\t<\/div>\n\t\t\t\t\t\t<\/div>\n\t\t\t\t<\/div>\n\t\t\t\t<div class=\"elementor-element elementor-element-6d40341 elementor-widget elementor-widget-text-editor\" data-id=\"6d40341\" data-element_type=\"widget\" data-e-type=\"widget\" data-widget_type=\"text-editor.default\">\n\t\t\t\t<div class=\"elementor-widget-container\">\n\t\t\t\t\t\t\t\t\t<p>Ideal per a fam\u00edlies, parelles o grups d&#8217;amics, el kayak \u00e9s una activitat segura i apta per a totes les edats. La millor \u00e8poca per gaudir de la Badia dels Alfacs \u00e9s d&#8217;abril a octubre, quan les condicions clim\u00e0tiques s\u00f3n m\u00e9s favorables i l&#8217;avistament d&#8217;ocells \u00e9s espectacular. <\/p>\n\t\t\t\t\t\t\t\t<\/div>\n\t\t\t\t<\/div>\n\t\t\t\t<\/div>\n\t\t<div class=\"elementor-element elementor-element-dc583f4 e-con-full e-flex e-con e-child\" data-id=\"dc583f4\" data-element_type=\"container\" data-e-type=\"container\">\n\t\t\t\t<div class=\"elementor-element elementor-element-c2dea0e elementor-widget elementor-widget-image\" data-id=\"c2dea0e\" data-element_type=\"widget\" data-e-type=\"widget\" data-widget_type=\"image.default\">\n\t\t\t\t<div class=\"elementor-widget-container\">\n\t\t\t\t\t\t\t\t\t\t\t\t\t\t\t<img loading=\"lazy\" decoding=\"async\" width=\"800\" height=\"550\" src=\"https:\/\/campingeucaliptus.com\/wp-content\/uploads\/2024\/11\/Bahia-de-los-Alfaques-3-min.jpg\" class=\"attachment-large size-large wp-image-1350\" alt=\"Camping Eucaliptus en el Delta del Ebro\" srcset=\"https:\/\/campingeucaliptus.com\/wp-content\/uploads\/2024\/11\/Bahia-de-los-Alfaques-3-min.jpg 800w, https:\/\/campingeucaliptus.com\/wp-content\/uploads\/2024\/11\/Bahia-de-los-Alfaques-3-min-300x206.jpg 300w, https:\/\/campingeucaliptus.com\/wp-content\/uploads\/2024\/11\/Bahia-de-los-Alfaques-3-min-768x528.jpg 768w\" sizes=\"(max-width: 800px) 100vw, 800px\">\t\t\t\t\t\t\t\t\t\t\t\t\t\t\t<\/div>\n\t\t\t\t<\/div>\n\t\t\t\t<\/div>\n\t\t\t\t<\/div>\n\t\t\t\t\t<\/div>\n\t\t\t\t<\/div>\n\t\t<div class=\"elementor-element elementor-element-9f601e3 e-flex e-con-boxed e-con e-parent\" data-id=\"9f601e3\" data-element_type=\"container\" data-e-type=\"container\" data-settings=\"{&quot;background_background&quot;:&quot;classic&quot;}\">\n\t\t\t\t\t<div class=\"e-con-inner\">\n\t\t\t\t<div class=\"elementor-element elementor-element-2a7b9be elementor-widget elementor-widget-heading\" data-id=\"2a7b9be\" data-element_type=\"widget\" data-e-type=\"widget\" data-widget_type=\"heading.default\">\n\t\t\t\t<div class=\"elementor-widget-container\">\n\t\t\t\t\t<div class=\"elementor-heading-title elementor-size-default\">Visita el Delta de l'Ebre i descobreix tots els seus voltants<\/div>\t\t\t\t<\/div>\n\t\t\t\t<\/div>\n\t\t\t\t<div class=\"elementor-element elementor-element-968dac4 elementor-widget elementor-widget-text-editor\" data-id=\"968dac4\" data-element_type=\"widget\" data-e-type=\"widget\" data-widget_type=\"text-editor.default\">\n\t\t\t\t<div class=\"elementor-widget-container\">\n\t\t\t\t\t\t\t\t\t<p>Catalogat com a Reserva de la Biosfera, la fauna i flora del Delta de l&#8217;Ebre t&#8217;espera.<\/p>\n\t\t\t\t\t\t\t\t<\/div>\n\t\t\t\t<\/div>\n\t\t\t\t<div class=\"elementor-element elementor-element-058e817 elementor-align-center elementor-mobile-align-center elementor-widget elementor-widget-button\" data-id=\"058e817\" data-element_type=\"widget\" data-e-type=\"widget\" data-widget_type=\"button.default\">\n\t\t\t\t<div class=\"elementor-widget-container\">\n\t\t\t\t\t\t\t\t\t<div class=\"elementor-button-wrapper\">\n\t\t\t\t\t<a class=\"elementor-button elementor-button-link elementor-size-sm elementor-animation-bob\" href=\"https:\/\/thelisresa.webcamp.fr\/?camping=eucaliptus\" target=\"_blank\" rel=\"noopener\">\n\t\t\t\t\t\t<span class=\"elementor-button-content-wrapper\">\n\t\t\t\t\t\t<span class=\"elementor-button-icon\">\n\t\t\t\t<svg aria-hidden=\"true\" class=\"e-font-icon-svg e-fas-angle-double-right\" viewBox=\"0 0 448 512\" xmlns=\"http:\/\/www.w3.org\/2000\/svg\"><path d=\"M224.3 273l-136 136c-9.4 9.4-24.6 9.4-33.9 0l-22.6-22.6c-9.4-9.4-9.4-24.6 0-33.9l96.4-96.4-96.4-96.4c-9.4-9.4-9.4-24.6 0-33.9L54.3 103c9.4-9.4 24.6-9.4 33.9 0l136 136c9.5 9.4 9.5 24.6.1 34zm192-34l-136-136c-9.4-9.4-24.6-9.4-33.9 0l-22.6 22.6c-9.4 9.4-9.4 24.6 0 33.9l96.4 96.4-96.4 96.4c-9.4 9.4-9.4 24.6 0 33.9l22.6 22.6c9.4 9.4 24.6 9.4 33.9 0l136-136c9.4-9.2 9.4-24.4 0-33.8z\"><\/path><\/svg>\t\t\t<\/span>\n\t\t\t\t\t\t\t\t\t<span class=\"elementor-button-text\">Veure Disponibilitat<\/span>\n\t\t\t\t\t<\/span>\n\t\t\t\t\t<\/a>\n\t\t\t\t<\/div>\n\t\t\t\t\t\t\t\t<\/div>\n\t\t\t\t<\/div>\n\t\t\t\t\t<\/div>\n\t\t\t\t<\/div>\n\t\t<div class=\"elementor-element elementor-element-44f71c3 e-flex e-con-boxed e-con e-parent\" data-id=\"44f71c3\" data-element_type=\"container\" data-e-type=\"container\" data-settings=\"{&quot;background_background&quot;:&quot;classic&quot;}\">\n\t\t\t\t\t<div class=\"e-con-inner\">\n\t\t<div class=\"elementor-element elementor-element-735a4db e-con-full e-flex e-con e-child\" data-id=\"735a4db\" data-element_type=\"container\" data-e-type=\"container\">\n\t\t\t\t<div class=\"elementor-element elementor-element-83d3256 elementor-widget elementor-widget-heading\" data-id=\"83d3256\" data-element_type=\"widget\" data-e-type=\"widget\" data-widget_type=\"heading.default\">\n\t\t\t\t<div class=\"elementor-widget-container\">\n\t\t\t\t\t<h2 class=\"elementor-heading-title elementor-size-default\">Com Reservar<\/h2>\t\t\t\t<\/div>\n\t\t\t\t<\/div>\n\t\t\t\t<div class=\"elementor-element elementor-element-b9f1fa9 elementor-widget elementor-widget-text-editor\" data-id=\"b9f1fa9\" data-element_type=\"widget\" data-e-type=\"widget\" data-widget_type=\"text-editor.default\">\n\t\t\t\t<div class=\"elementor-widget-container\">\n\t\t\t\t\t\t\t\t\t<p>Des del C\u00e0mping Eucaliptus, el personal pot ajudar a gestionar les reserves amb empreses locals de lloguer de kayak. Alternativament, en arribar a Sant Carles de la R\u00e0pita, trobar\u00e0s diversos operadors que ofereixen recorreguts personalitzats i lloguers d&#8217;equip. <\/p>\n<p>Navegar en kayak per la Badia dels Alfacs \u00e9s una forma \u00fanica de connectar amb el cor del Delta de l&#8217;Ebre i viure una experi\u00e8ncia aut\u00e8ntica d&#8217;ecoturisme a nom\u00e9s uns minuts del C\u00e0mping Eucaliptus.<\/p>\n\t\t\t\t\t\t\t\t<\/div>\n\t\t\t\t<\/div>\n\t\t\t\t<div class=\"elementor-element elementor-element-d02209d elementor-align-left elementor-mobile-align-center elementor-widget elementor-widget-button\" data-id=\"d02209d\" data-element_type=\"widget\" data-e-type=\"widget\" data-widget_type=\"button.default\">\n\t\t\t\t<div class=\"elementor-widget-container\">\n\t\t\t\t\t\t\t\t\t<div class=\"elementor-button-wrapper\">\n\t\t\t\t\t<a class=\"elementor-button elementor-button-link elementor-size-sm elementor-animation-bob\" href=\"https:\/\/campingeucaliptus.com\/ca\/?page_id=1561\">\n\t\t\t\t\t\t<span class=\"elementor-button-content-wrapper\">\n\t\t\t\t\t\t<span class=\"elementor-button-icon\">\n\t\t\t\t<svg aria-hidden=\"true\" class=\"e-font-icon-svg e-fas-phone-alt\" viewBox=\"0 0 512 512\" xmlns=\"http:\/\/www.w3.org\/2000\/svg\"><path d=\"M497.39 361.8l-112-48a24 24 0 0 0-28 6.9l-49.6 60.6A370.66 370.66 0 0 1 130.6 204.11l60.6-49.6a23.94 23.94 0 0 0 6.9-28l-48-112A24.16 24.16 0 0 0 122.6.61l-104 24A24 24 0 0 0 0 48c0 256.5 207.9 464 464 464a24 24 0 0 0 23.4-18.6l24-104a24.29 24.29 0 0 0-14.01-27.6z\"><\/path><\/svg>\t\t\t<\/span>\n\t\t\t\t\t\t\t\t\t<span class=\"elementor-button-text\">Contactar Ara<\/span>\n\t\t\t\t\t<\/span>\n\t\t\t\t\t<\/a>\n\t\t\t\t<\/div>\n\t\t\t\t\t\t\t\t<\/div>\n\t\t\t\t<\/div>\n\t\t\t\t<\/div>\n\t\t<div class=\"elementor-element elementor-element-c798015 e-con-full e-flex e-con e-child\" data-id=\"c798015\" data-element_type=\"container\" data-e-type=\"container\">\n\t\t\t\t<div class=\"elementor-element elementor-element-d530178 elementor-widget elementor-widget-shortcode\" data-id=\"d530178\" data-element_type=\"widget\" data-e-type=\"widget\" data-widget_type=\"shortcode.default\">\n\t\t\t\t<div class=\"elementor-widget-container\">\n\t\t\t\t\t\t\t<div class=\"elementor-shortcode\"><iframe src=\"https:\/\/www.google.com\/maps\/embed?pb=!1m18!1m12!1m3!1d6053.355148080816!2d0.775593993305579!3d40.65903727960918!2m3!1f0!2f0!3f0!3m2!1i1024!2i768!4f13.1!3m3!1m2!1s0x12a108467a8aa3bd%3A0x3f4da93bd8b3efd8!2sCamping%20Eucaliptus!5e0!3m2!1ses!2ses!4v1730876756203!5m2!1ses!2ses\" width=\"600\" height=\"400\" style=\"border:0;\" allowfullscreen=\"\" loading=\"lazy\" referrerpolicy=\"no-referrer-when-downgrade\"><\/iframe><\/div>\n\t\t\t\t\t\t<\/div>\n\t\t\t\t<\/div>\n\t\t\t\t<\/div>\n\t\t\t\t\t<\/div>\n\t\t\t\t<\/div>\n\t\t\t\t<\/div>\n\t\t","protected":false},"excerpt":{"rendered":"<p>TURISME AL DELTA DE L&#8217; EBRE Rutes a Kayak per la Badia dels Alfaques Descobreix la Badia dels Alfacs a Kayak: Aventura al teu Abast des del C\u00e0mping Eucaliptus Ubicada a nom\u00e9s 20 minuts en cotxe del C\u00e0mping Eucaliptus, la Badia dels Alfaques \u00e9s el dest\u00ed perfecte per a una aventura en kayak. Des del [&hellip;]<\/p>\n","protected":false},"author":2,"featured_media":0,"parent":1547,"menu_order":0,"comment_status":"closed","ping_status":"closed","template":"elementor_header_footer","meta":{"footnotes":""},"class_list":["post-1583","page","type-page","status-publish","hentry"],"_links":{"self":[{"href":"https:\/\/campingeucaliptus.com\/ca\/wp-json\/wp\/v2\/pages\/1583","targetHints":{"allow":["GET"]}}],"collection":[{"href":"https:\/\/campingeucaliptus.com\/ca\/wp-json\/wp\/v2\/pages"}],"about":[{"href":"https:\/\/campingeucaliptus.com\/ca\/wp-json\/wp\/v2\/types\/page"}],"author":[{"embeddable":true,"href":"https:\/\/campingeucaliptus.com\/ca\/wp-json\/wp\/v2\/users\/2"}],"replies":[{"embeddable":true,"href":"https:\/\/campingeucaliptus.com\/ca\/wp-json\/wp\/v2\/comments?post=1583"}],"version-history":[{"count":2,"href":"https:\/\/campingeucaliptus.com\/ca\/wp-json\/wp\/v2\/pages\/1583\/revisions"}],"predecessor-version":[{"id":1587,"href":"https:\/\/campingeucaliptus.com\/ca\/wp-json\/wp\/v2\/pages\/1583\/revisions\/1587"}],"up":[{"embeddable":true,"href":"https:\/\/campingeucaliptus.com\/ca\/wp-json\/wp\/v2\/pages\/1547"}],"wp:attachment":[{"href":"https:\/\/campingeucaliptus.com\/ca\/wp-json\/wp\/v2\/media?parent=1583"}],"curies":[{"name":"wp","href":"https:\/\/api.w.org\/{rel}","templated":true}]}}